{"version":"1.0","provider_name":"CELTTV","provider_url":"https:\/\/www.celttv.com.ar","author_name":"ulises","author_url":"https:\/\/www.celttv.com.ar\/index.php\/author\/ulises\/","title":"9 de Julio: DIA DE LA INDEPENDENCIA (Himno Nacional Argentino con voces y m\u00fasicos locales y la versi\u00f3n de Charly Garc\u00eda)) - CELTTV","type":"rich","width":600,"height":338,"html":"<blockquote class=\"wp-embedded-content\" data-secret=\"oK0SOHparM\"><a href=\"https:\/\/www.celttv.com.ar\/index.php\/2020\/07\/09\/9-de-julio-dia-de-la-independencia\/\">9 de Julio: DIA DE LA INDEPENDENCIA (Himno Nacional Argentino con voces y m\u00fasicos locales y la versi\u00f3n de Charly Garc\u00eda))<\/a><\/blockquote><iframe sandbox=\"allow-scripts\" security=\"restricted\" src=\"https:\/\/www.celttv.com.ar\/index.php\/2020\/07\/09\/9-de-julio-dia-de-la-independencia\/embed\/#?secret=oK0SOHparM\" width=\"600\" height=\"338\" title=\"\u00ab9 de Julio: DIA DE LA INDEPENDENCIA (Himno Nacional Argentino con voces y m\u00fasicos locales y la versi\u00f3n de Charly Garc\u00eda))\u00bb \u2014 CELTTV\" data-secret=\"oK0SOHparM\" frameborder=\"0\" marginwidth=\"0\" marginheight=\"0\" scrolling=\"no\" class=\"wp-embedded-content\"><\/iframe><script type=\"text\/javascript\">\n\/* <![CDATA[ *\/\n\/*! This file is auto-generated *\/\n!function(d,l){\"use strict\";l.querySelector&&d.addEventListener&&\"undefined\"!=typeof URL&&(d.wp=d.wp||{},d.wp.receiveEmbedMessage||(d.wp.receiveEmbedMessage=function(e){var t=e.data;if((t||t.secret||t.message||t.value)&&!\/[^a-zA-Z0-9]\/.test(t.secret)){for(var s,r,n,a=l.querySelectorAll('iframe[data-secret=\"'+t.secret+'\"]'),o=l.querySelectorAll('blockquote[data-secret=\"'+t.secret+'\"]'),c=new RegExp(\"^https?:$\",\"i\"),i=0;i<o.length;i++)o[i].style.display=\"none\";for(i=0;i<a.length;i++)s=a[i],e.source===s.contentWindow&&(s.removeAttribute(\"style\"),\"height\"===t.message?(1e3<(r=parseInt(t.value,10))?r=1e3:~~r<200&&(r=200),s.height=r):\"link\"===t.message&&(r=new URL(s.getAttribute(\"src\")),n=new URL(t.value),c.test(n.protocol))&&n.host===r.host&&l.activeElement===s&&(d.top.location.href=t.value))}},d.addEventListener(\"message\",d.wp.receiveEmbedMessage,!1),l.addEventListener(\"DOMContentLoaded\",function(){for(var e,t,s=l.querySelectorAll(\"iframe.wp-embedded-content\"),r=0;r<s.length;r++)(t=(e=s[r]).getAttribute(\"data-secret\"))||(t=Math.random().toString(36).substring(2,12),e.src+=\"#?secret=\"+t,e.setAttribute(\"data-secret\",t)),e.contentWindow.postMessage({message:\"ready\",secret:t},\"*\")},!1)))}(window,document);\n\/\/# sourceURL=https:\/\/www.celttv.com.ar\/wp-includes\/js\/wp-embed.min.js\n\/* ]]> *\/\n<\/script>\n","thumbnail_url":"https:\/\/www.celttv.com.ar\/wp-content\/uploads\/2020\/07\/9dejulio.png","thumbnail_width":1075,"thumbnail_height":913,"description":"Sitio web de noticias de la localidad de Tornquist, provincia de Buenos Aires, Rep\u00fablica Argentina. Contenido propio originado por periodistas de CELTTV, el canal de TV local de la Cooperativa El\u00e9ctrica de Tornquist. Turismo, Pol\u00edtica, Sociedad, Deporte, Cultura y todo el contenido de inter\u00e9s general que la gente del pueblo y la regi\u00f3n debe conocer."}